{"id":613,"date":"2018-01-29T14:36:11","date_gmt":"2018-01-29T14:36:11","guid":{"rendered":"http:\/\/maaru.fr\/?page_id=613"},"modified":"2026-03-31T16:09:30","modified_gmt":"2026-03-31T16:09:30","slug":"a-propos","status":"publish","type":"page","link":"http:\/\/maaru.fr\/?page_id=613","title":{"rendered":"\u00e0 propos"},"content":{"rendered":"<p><img loading=\"lazy\" decoding=\"async\" class=\"wp-image-959 alignleft\" src=\"http:\/\/maaru.fr\/wp-content\/uploads\/2020\/01\/IMG_4061-copie-nb4-rond-scaled.jpg\" alt=\"\" width=\"249\" height=\"250\" srcset=\"http:\/\/maaru.fr\/wp-content\/uploads\/2020\/01\/IMG_4061-copie-nb4-rond-scaled.jpg 2553w, http:\/\/maaru.fr\/wp-content\/uploads\/2020\/01\/IMG_4061-copie-nb4-rond-300x300.jpg 300w, http:\/\/maaru.fr\/wp-content\/uploads\/2020\/01\/IMG_4061-copie-nb4-rond-1021x1024.jpg 1021w, http:\/\/maaru.fr\/wp-content\/uploads\/2020\/01\/IMG_4061-copie-nb4-rond-150x150.jpg 150w, http:\/\/maaru.fr\/wp-content\/uploads\/2020\/01\/IMG_4061-copie-nb4-rond-768x770.jpg 768w, http:\/\/maaru.fr\/wp-content\/uploads\/2020\/01\/IMG_4061-copie-nb4-rond-1532x1536.jpg 1532w, http:\/\/maaru.fr\/wp-content\/uploads\/2020\/01\/IMG_4061-copie-nb4-rond-2043x2048.jpg 2043w\" sizes=\"auto, (max-width: 249px) 100vw, 249px\" \/><\/p>\n<p style=\"text-align: right;\">Au c\u0153ur de l\u2019activit\u00e9 de MAARU se situe la ville\u00a0: les questions relevant du b\u00e2timent, de son contexte, de l\u2019espace public et du paysage urbain, dans leur complexit\u00e9 contemporaine int\u00e9grant les questions environnementales et le renouvellement urbain. Notre volont\u00e9 est celle d\u2019une ville dont les \u00e9l\u00e9ments ne s\u2019ignorent pas les uns les autres, un environnement pens\u00e9 en tenant compte de la complexit\u00e9 des acteurs et des besoins. Notre d\u00e9marche est celle d\u2019une r\u00e9flexion qui s\u2019appuie sur une attention port\u00e9e au contexte physique, op\u00e9rationnel et historique de nos sujets d\u2019\u00e9tudes, dans l\u2019objectif d\u2019apporter des r\u00e9ponses ancr\u00e9es dans le temps et dans le territoire.<\/p>\n<p style=\"text-align: right;\">MAARU est port\u00e9 par Andrzej Michalski, qui donna naissance \u00e0 la structure en 2016 au terme d\u2019une exp\u00e9rience affirm\u00e9e en agences d\u2019architecture et d\u2019urbanisme qui l\u2019a confront\u00e9 \u00e0 une diversit\u00e9 de sujets d\u2019\u00e9tudes et d\u2019\u00e9chelles de r\u00e9flexion\u00a0: habitat collectif, urbanisme pr\u00e9-op\u00e9rationnel et op\u00e9rationnel, projets d\u2019am\u00e9nagement d\u2019espaces publics et projets dans des contextes d\u2019urbanisme de dalle. Depuis, ces derniers sont devenus un de nos principaux champs d\u2019action, mettant \u00e0 profit des comp\u00e9tences architecturales, techniques et paysag\u00e8res au sein d\u2019une vision globale et synth\u00e9tique, exig\u00e9e par la sp\u00e9cificit\u00e9 de ces environnements pour la plupart h\u00e9rit\u00e9s des ann\u00e9es 60-70, que les vingt derni\u00e8res ann\u00e9es voient pour beaucoup muter.<\/p>\n<p style=\"text-align: right;\">Les interventions de MAARU se situent \u00e0 diff\u00e9rents niveaux\u00a0: ma\u00eetrise d\u2019\u0153uvre de b\u00e2timents, d\u2019ouvrage d\u2019arts et d\u2019espaces publics, \u00e9tudes de faisabilit\u00e9 architecturales et urbaines, plans-guides et chartes d\u2019am\u00e9nagement urbain, ou encore assistance \u00e0 ma\u00eetrise d\u2019ouvrage et programmation d\u2019espaces publics. Elles se font pour la plupart dans un contexte collaboratif que nous favorisons, au sein d\u2019\u00e9quipes pluridisciplinaires pouvant couvrir, selon les besoins, de vastes champs de comp\u00e9tences.<\/p>\n<p style=\"text-align: right;\">Notre activit\u00e9 au quotidien se d\u00e9roule elle-m\u00eame dans un contexte collectif, MAARU \u0153uvrant depuis sa cr\u00e9ation aux c\u00f4t\u00e9s d\u2019ITHAQUES, atelier d\u2019architecture orient\u00e9 vers le renouvellement urbain, et de WRA, agence laur\u00e9ate des NAJAP en 2008, que nous avons rejoint dans leurs locaux du 12<sup>\u00e8me<\/sup> arrondissement de Paris. Depuis, les collaborations entre les trois structures et leurs interlocuteurs viennent compl\u00e9ter et enrichir nos partenariats pour partie h\u00e9rit\u00e9s de l\u2019exp\u00e9rience pass\u00e9e d\u2019Andrzej Michalski, et sont autant d\u2019occasions de porter ensemble nos engagements urbains et environnementaux.<\/p>\n<p style=\"text-align: right;\">Depuis 2016, MAARU a su gagner la confiance de nombreux ma\u00eetres d\u2019ouvrages : Paris La D\u00e9fens, la Ville de Sceaux, la Ville de S\u00e8vres, Grand Paris Seine Ouest, Paris Habitat, Keolis, la Socaren, Plaine Commune, la SPL Ensemble, Orl\u00e9ans M\u00e9tropole, la SPL PariSeine, la Ville de Koungou \u00e0 Mayotte, Valophis Habitat, Plaine Commune D\u00e9veloppement, Saint-Germain Boucles de Seine, La Ville de Lisieux, Accor Arena, Adidas Arena.<\/p>\n<p style=\"text-align: right;\"><em>_<br \/>\n<\/em>MAARU c&rsquo;est aussi Gr\u00e2ce Raobinarison, Anne-Marie Peiris, Lili Szabo et les \u00e9quipes ITHAQUES et WRA.<\/p>\n<p style=\"text-align: right;\">Les ancien.ne.s : Cl\u00e9ment Marnette, Morgane Lorrain, Geraldine Diaz, Romy Justet.<\/p>\n<p style=\"text-align: right;\">_<br \/>\n<em>Depuis le 1er janvier 2023, les trois structures forment une entit\u00e9 juridique unique :<\/em><\/p>\n<p style=\"text-align: right;\"><strong>Litotes<br \/>\n<\/strong><em>WRA-ITHAQUES-MAARU<br \/>\n75 rue de la Fontaine au Roi<br \/>\n75011 Paris<\/em><em><br \/>\n<a href=\"http:\/\/www.ithaques.fr\">www.litotes.fr<\/a><br \/>\n<\/em><em>_<br \/>\n<\/em><em>contact@litotes.fr<\/em><\/p>\n","protected":false},"excerpt":{"rendered":"<p>Au c\u0153ur de l\u2019activit\u00e9 de MAARU se situe la ville\u00a0: les questions relevant du b\u00e2timent,&#8230;<\/p>\n","protected":false},"author":1,"featured_media":0,"parent":0,"menu_order":0,"comment_status":"closed","ping_status":"closed","template":"","meta":{"footnotes":""},"class_list":["post-613","page","type-page","status-publish","hentry"],"_links":{"self":[{"href":"http:\/\/maaru.fr\/index.php?rest_route=\/wp\/v2\/pages\/613","targetHints":{"allow":["GET"]}}],"collection":[{"href":"http:\/\/maaru.fr\/index.php?rest_route=\/wp\/v2\/pages"}],"about":[{"href":"http:\/\/maaru.fr\/index.php?rest_route=\/wp\/v2\/types\/page"}],"author":[{"embeddable":true,"href":"http:\/\/maaru.fr\/index.php?rest_route=\/wp\/v2\/users\/1"}],"replies":[{"embeddable":true,"href":"http:\/\/maaru.fr\/index.php?rest_route=%2Fwp%2Fv2%2Fcomments&post=613"}],"version-history":[{"count":26,"href":"http:\/\/maaru.fr\/index.php?rest_route=\/wp\/v2\/pages\/613\/revisions"}],"predecessor-version":[{"id":1367,"href":"http:\/\/maaru.fr\/index.php?rest_route=\/wp\/v2\/pages\/613\/revisions\/1367"}],"wp:attachment":[{"href":"http:\/\/maaru.fr\/index.php?rest_route=%2Fwp%2Fv2%2Fmedia&parent=613"}],"curies":[{"name":"wp","href":"https:\/\/api.w.org\/{rel}","templated":true}]}}